{"id":968,"date":"2013-12-18T15:33:18","date_gmt":"2013-12-18T13:33:18","guid":{"rendered":"http:\/\/slanedeti.sk\/cms\/?post_type=portfolio&#038;p=968"},"modified":"2017-09-03T14:09:10","modified_gmt":"2017-09-03T13:09:10","slug":"serial-dychanie-pol-zivota","status":"publish","type":"portfolio","link":"https:\/\/slanedeti.sk\/cms\/portfolio\/serial-dychanie-pol-zivota","title":{"rendered":"Seri\u00e1l: D\u00fdchanie pol \u017eivota"},"content":{"rendered":"<p>Seri\u00e1l \u010dl\u00e1nkov &#8222;D\u00fdchanie pol \u017eivota&#8220; je pre t\u00fdch, \u010do maj\u00fa probl\u00e9my s d\u00fdchan\u00edm, najm\u00e4 pre deti a dospel\u00fdch postihnut\u00fdch cystickou fibr\u00f3zou, astmou, bronchit\u00eddou a pod. Sk\u00fasen\u00fd fyzioterapeut im pon\u00faka alternat\u00edvne mo\u017enosti, ako si popri medic\u00ednskej lie\u010dbe m\u00f4\u017eu pom\u00f4c\u0165 v dom\u00e1cich podmienkach a v rehabilita\u010dn\u00fdch zariadeniach.<\/p>\n<p><strong>M\u00e1m probl\u00e9m s d\u00fdchan\u00edm, \u010do s t\u00fdm? &#8211; 1.\u010das\u0165<\/strong><br \/>\nPrv\u00e1 \u010das\u0165 pr\u00edru\u010dky sa s\u00fastre\u010fuje hlavne na mas\u00e1\u017e, dychov\u00e9 cvi\u010denia, telesn\u00e9 cvi\u010denia a na ich vz\u00e1jomn\u00fa kombin\u00e1ciu.<\/p>\n<p><strong>Mas\u00e1\u017e hrudn\u00edka &#8211; 2.\u010das\u0165<\/strong><br \/>\nDruh\u00e1 \u010das\u0165 pr\u00edru\u010dky je pre t\u00fdch, \u010do maj\u00fa probl\u00e9my s d\u00fdchan\u00edm, najm\u00e4 pre deti a dospel\u00fdch postihnut\u00fdch cystickou fibr\u00f3zou, astmou, bronchit\u00eddou a pod.<\/p>\n<p><strong>Mas\u00e1\u017e horn\u00fdch kon\u010dat\u00edn a mas\u00e1\u017e tv\u00e1re &#8211; 3.\u010das\u0165<\/strong><br \/>\nTretia \u010das\u0165 pr\u00edru\u010dky je pre t\u00fdch, \u010do maj\u00fa probl\u00e9my s d\u00fdchan\u00edm, najm\u00e4 pre deti a dospel\u00fdch postihnut\u00fdch cystickou fibr\u00f3zou, astmou, bronchit\u00eddou a pod.<\/p>\n<p><strong>Moxa &#8211; teplo, ktor\u00e9 lie\u010di &#8211; 4.\u010das\u0165<\/strong><br \/>\n\u0160tvrt\u00e1 \u010das\u0165 pr\u00edru\u010dky je pre t\u00fdch, \u010do maj\u00fa probl\u00e9my s d\u00fdchan\u00edm, najm\u00e4 pre deti a dospel\u00fdch postihnut\u00fdch cystickou fibr\u00f3zou, astmou, bronchit\u00eddou a pod.<\/p>\n<p><strong>H\u013eadanie pokladu, nau\u010dme sa d\u00fdcha\u0165 &#8211; 5.\u010das\u0165<\/strong><br \/>\nPiata \u010das\u0165 pr\u00edru\u010dky je pre t\u00fdch, \u010do maj\u00fa probl\u00e9my s d\u00fdchan\u00edm, najm\u00e4 pre deti a dospel\u00fdch postihnut\u00fdch cystickou fibr\u00f3zou, astmou, bronchit\u00eddou a pod.<\/p>\n<p><strong>Vzlykav\u00e9 d\u00fdchanie, cvi\u010denie, ktor\u00e9 lie\u010di &#8211; 6.\u010das\u0165<\/strong><br \/>\n\u0160iesta \u010das\u0165 pr\u00edru\u010dky je pre t\u00fdch, \u010do maj\u00fa probl\u00e9my s d\u00fdchan\u00edm, najm\u00e4 pre deti a dospel\u00fdch postihnut\u00fdch cystickou fibr\u00f3zou, astmou, bronchit\u00eddou a pod.<\/p>\n<p><strong>Uvo\u013e\u0148uj\u00face cvi\u010denia a dychov\u00e9 cvi\u010denia &#8211; 7.\u010das\u0165<\/strong><br \/>\nSiedma \u010das\u0165 pr\u00edru\u010dky je pre t\u00fdch, \u010do maj\u00fa probl\u00e9my s d\u00fdchan\u00edm, najm\u00e4 pre deti a dospel\u00fdch postihnut\u00fdch cystickou fibr\u00f3zou, astmou, bronchit\u00eddou a pod.<\/p>\n<p><strong>Posil\u0148ovanie a energetick\u00e9 cvi\u010denia &#8211; 8.\u010das\u0165<\/strong><br \/>\n\u00d4sma \u010das\u0165 pr\u00edru\u010dky je pre t\u00fdch, \u010do maj\u00fa probl\u00e9my s d\u00fdchan\u00edm, najm\u00e4 pre deti a dospel\u00fdch postihnut\u00fdch cystickou fibr\u00f3zou, astmou, bronchit\u00eddou a pod.<\/p>\n<p><strong>\u0160peci\u00e1lne na\u0165ahovacie cvi\u010denia &#8211; 9.\u010das\u0165<\/strong><br \/>\nDeviata a posledn\u00e1 \u010das\u0165 pr\u00edru\u010dky je pre t\u00fdch, \u010do maj\u00fa probl\u00e9my s d\u00fdchan\u00edm, najm\u00e4 pre deti a dospel\u00fdch postihnut\u00fdch cystickou fibr\u00f3zou, astmou, bronchit\u00eddou a pod.<\/p>\n","protected":false},"excerpt":{"rendered":"<p>Seri&aacute;l &#269;l&aacute;nkov &bdquo;D&yacute;chanie pol &#382;ivota&ldquo; je pre t&yacute;ch, &#269;o maj&uacute; probl&eacute;my s d&yacute;chan&iacute;m, najm&auml; pre deti a dospel&yacute;ch postihnut&yacute;ch cystickou fibr&oacute;zou, astmou, bronchit&iacute;dou a pod. Sk&uacute;sen&yacute; fyzioterapeut im pon&uacute;ka alternat&iacute;vne mo&#382;nosti, ako si popri medic&iacute;nskej lie&#269;be m&ocirc;&#382;u pom&ocirc;c&#357; v dom&aacute;cich &hellip; <a href=\"https:\/\/slanedeti.sk\/cms\/portfolio\/serial-dychanie-pol-zivota\">Continued<\/a><\/p>\n","protected":false},"author":5,"featured_media":1564,"menu_order":30,"comment_status":"closed","ping_status":"closed","template":"","meta":{"kt_blocks_editor_width":""},"portfolio-type":[],"class_list":["post-968","portfolio","type-portfolio","status-publish","has-post-thumbnail","hentry"],"yoast_head":"<!-- This site is optimized with the Yoast SEO plugin v27.5 - https:\/\/yoast.com\/product\/yoast-seo-wordpress\/ -->\n<title>Seri\u00e1l: D\u00fdchanie pol \u017eivota - Slan\u00e9 deti<\/title>\n<meta name=\"description\" content=\"D\u00fdchanie a probl\u00e9my s d\u00fdchan\u00edm. Seri\u00e1l \u010dl\u00e1nkov vych\u00e1dzaj\u00facich z knihy D\u00fdchanie pol \u017eivota od Vladim\u00edra S\u010derbanovsk\u00e9ho.\" \/>\n<meta name=\"robots\" content=\"index, follow, max-snippet:-1, max-image-preview:large, max-video-preview:-1\" \/>\n<link rel=\"canonical\" href=\"https:\/\/slanedeti.sk\/cms\/portfolio\/serial-dychanie-pol-zivota\" \/>\n<meta property=\"og:locale\" content=\"sk_SK\" \/>\n<meta property=\"og:type\" content=\"article\" \/>\n<meta property=\"og:title\" content=\"Seri\u00e1l: D\u00fdchanie pol \u017eivota - Slan\u00e9 deti\" \/>\n<meta property=\"og:description\" content=\"D\u00fdchanie a probl\u00e9my s d\u00fdchan\u00edm. Seri\u00e1l \u010dl\u00e1nkov vych\u00e1dzaj\u00facich z knihy D\u00fdchanie pol \u017eivota od Vladim\u00edra S\u010derbanovsk\u00e9ho.\" \/>\n<meta property=\"og:url\" content=\"https:\/\/slanedeti.sk\/cms\/portfolio\/serial-dychanie-pol-zivota\" \/>\n<meta property=\"og:site_name\" content=\"Slan\u00e9 deti\" \/>\n<meta property=\"article:publisher\" content=\"http:\/\/www.facebook.com\/slanedeti\" \/>\n<meta property=\"article:modified_time\" content=\"2017-09-03T13:09:10+00:00\" \/>\n<meta property=\"og:image\" content=\"https:\/\/slanedeti.sk\/cms\/wp-content\/uploads\/2014\/01\/dychanie_uvod.jpg\" \/>\n\t<meta property=\"og:image:width\" content=\"450\" \/>\n\t<meta property=\"og:image:height\" content=\"450\" \/>\n\t<meta property=\"og:image:type\" content=\"image\/jpeg\" \/>\n<meta name=\"twitter:label1\" content=\"Predpokladan\u00fd \u010das \u010d\u00edtania\" \/>\n\t<meta name=\"twitter:data1\" content=\"2 min\u00faty\" \/>\n<script type=\"application\/ld+json\" class=\"yoast-schema-graph\">{\"@context\":\"https:\\\/\\\/schema.org\",\"@graph\":[{\"@type\":\"WebPage\",\"@id\":\"https:\\\/\\\/slanedeti.sk\\\/cms\\\/portfolio\\\/serial-dychanie-pol-zivota\",\"url\":\"https:\\\/\\\/slanedeti.sk\\\/cms\\\/portfolio\\\/serial-dychanie-pol-zivota\",\"name\":\"Seri\u00e1l: D\u00fdchanie pol \u017eivota - Slan\u00e9 deti\",\"isPartOf\":{\"@id\":\"https:\\\/\\\/slanedeti.sk\\\/cms\\\/#website\"},\"primaryImageOfPage\":{\"@id\":\"https:\\\/\\\/slanedeti.sk\\\/cms\\\/portfolio\\\/serial-dychanie-pol-zivota#primaryimage\"},\"image\":{\"@id\":\"https:\\\/\\\/slanedeti.sk\\\/cms\\\/portfolio\\\/serial-dychanie-pol-zivota#primaryimage\"},\"thumbnailUrl\":\"https:\\\/\\\/slanedeti.sk\\\/cms\\\/wp-content\\\/uploads\\\/2014\\\/01\\\/dychanie_uvod.jpg\",\"datePublished\":\"2013-12-18T13:33:18+00:00\",\"dateModified\":\"2017-09-03T13:09:10+00:00\",\"description\":\"D\u00fdchanie a probl\u00e9my s d\u00fdchan\u00edm. Seri\u00e1l \u010dl\u00e1nkov vych\u00e1dzaj\u00facich z knihy D\u00fdchanie pol \u017eivota od Vladim\u00edra S\u010derbanovsk\u00e9ho.\",\"inLanguage\":\"sk-SK\",\"potentialAction\":[{\"@type\":\"ReadAction\",\"target\":[\"https:\\\/\\\/slanedeti.sk\\\/cms\\\/portfolio\\\/serial-dychanie-pol-zivota\"]}]},{\"@type\":\"ImageObject\",\"inLanguage\":\"sk-SK\",\"@id\":\"https:\\\/\\\/slanedeti.sk\\\/cms\\\/portfolio\\\/serial-dychanie-pol-zivota#primaryimage\",\"url\":\"https:\\\/\\\/slanedeti.sk\\\/cms\\\/wp-content\\\/uploads\\\/2014\\\/01\\\/dychanie_uvod.jpg\",\"contentUrl\":\"https:\\\/\\\/slanedeti.sk\\\/cms\\\/wp-content\\\/uploads\\\/2014\\\/01\\\/dychanie_uvod.jpg\",\"width\":450,\"height\":450,\"caption\":\"D\u00fdchanie pol \u017eivota\"},{\"@type\":\"WebSite\",\"@id\":\"https:\\\/\\\/slanedeti.sk\\\/cms\\\/#website\",\"url\":\"https:\\\/\\\/slanedeti.sk\\\/cms\\\/\",\"name\":\"Slan\u00e9 deti\",\"description\":\"Inform\u00e1cie o cystickej fibr\u00f3ze\",\"potentialAction\":[{\"@type\":\"SearchAction\",\"target\":{\"@type\":\"EntryPoint\",\"urlTemplate\":\"https:\\\/\\\/slanedeti.sk\\\/cms\\\/?s={search_term_string}\"},\"query-input\":{\"@type\":\"PropertyValueSpecification\",\"valueRequired\":true,\"valueName\":\"search_term_string\"}}],\"inLanguage\":\"sk-SK\"}]}<\/script>\n<!-- \/ Yoast SEO plugin. -->","yoast_head_json":{"title":"Seri\u00e1l: D\u00fdchanie pol \u017eivota - Slan\u00e9 deti","description":"D\u00fdchanie a probl\u00e9my s d\u00fdchan\u00edm. Seri\u00e1l \u010dl\u00e1nkov vych\u00e1dzaj\u00facich z knihy D\u00fdchanie pol \u017eivota od Vladim\u00edra S\u010derbanovsk\u00e9ho.","robots":{"index":"index","follow":"follow","max-snippet":"max-snippet:-1","max-image-preview":"max-image-preview:large","max-video-preview":"max-video-preview:-1"},"canonical":"https:\/\/slanedeti.sk\/cms\/portfolio\/serial-dychanie-pol-zivota","og_locale":"sk_SK","og_type":"article","og_title":"Seri\u00e1l: D\u00fdchanie pol \u017eivota - Slan\u00e9 deti","og_description":"D\u00fdchanie a probl\u00e9my s d\u00fdchan\u00edm. Seri\u00e1l \u010dl\u00e1nkov vych\u00e1dzaj\u00facich z knihy D\u00fdchanie pol \u017eivota od Vladim\u00edra S\u010derbanovsk\u00e9ho.","og_url":"https:\/\/slanedeti.sk\/cms\/portfolio\/serial-dychanie-pol-zivota","og_site_name":"Slan\u00e9 deti","article_publisher":"http:\/\/www.facebook.com\/slanedeti","article_modified_time":"2017-09-03T13:09:10+00:00","og_image":[{"width":450,"height":450,"url":"https:\/\/slanedeti.sk\/cms\/wp-content\/uploads\/2014\/01\/dychanie_uvod.jpg","type":"image\/jpeg"}],"twitter_misc":{"Predpokladan\u00fd \u010das \u010d\u00edtania":"2 min\u00faty"},"schema":{"@context":"https:\/\/schema.org","@graph":[{"@type":"WebPage","@id":"https:\/\/slanedeti.sk\/cms\/portfolio\/serial-dychanie-pol-zivota","url":"https:\/\/slanedeti.sk\/cms\/portfolio\/serial-dychanie-pol-zivota","name":"Seri\u00e1l: D\u00fdchanie pol \u017eivota - Slan\u00e9 deti","isPartOf":{"@id":"https:\/\/slanedeti.sk\/cms\/#website"},"primaryImageOfPage":{"@id":"https:\/\/slanedeti.sk\/cms\/portfolio\/serial-dychanie-pol-zivota#primaryimage"},"image":{"@id":"https:\/\/slanedeti.sk\/cms\/portfolio\/serial-dychanie-pol-zivota#primaryimage"},"thumbnailUrl":"https:\/\/slanedeti.sk\/cms\/wp-content\/uploads\/2014\/01\/dychanie_uvod.jpg","datePublished":"2013-12-18T13:33:18+00:00","dateModified":"2017-09-03T13:09:10+00:00","description":"D\u00fdchanie a probl\u00e9my s d\u00fdchan\u00edm. Seri\u00e1l \u010dl\u00e1nkov vych\u00e1dzaj\u00facich z knihy D\u00fdchanie pol \u017eivota od Vladim\u00edra S\u010derbanovsk\u00e9ho.","inLanguage":"sk-SK","potentialAction":[{"@type":"ReadAction","target":["https:\/\/slanedeti.sk\/cms\/portfolio\/serial-dychanie-pol-zivota"]}]},{"@type":"ImageObject","inLanguage":"sk-SK","@id":"https:\/\/slanedeti.sk\/cms\/portfolio\/serial-dychanie-pol-zivota#primaryimage","url":"https:\/\/slanedeti.sk\/cms\/wp-content\/uploads\/2014\/01\/dychanie_uvod.jpg","contentUrl":"https:\/\/slanedeti.sk\/cms\/wp-content\/uploads\/2014\/01\/dychanie_uvod.jpg","width":450,"height":450,"caption":"D\u00fdchanie pol \u017eivota"},{"@type":"WebSite","@id":"https:\/\/slanedeti.sk\/cms\/#website","url":"https:\/\/slanedeti.sk\/cms\/","name":"Slan\u00e9 deti","description":"Inform\u00e1cie o cystickej fibr\u00f3ze","potentialAction":[{"@type":"SearchAction","target":{"@type":"EntryPoint","urlTemplate":"https:\/\/slanedeti.sk\/cms\/?s={search_term_string}"},"query-input":{"@type":"PropertyValueSpecification","valueRequired":true,"valueName":"search_term_string"}}],"inLanguage":"sk-SK"}]}},"_links":{"self":[{"href":"https:\/\/slanedeti.sk\/cms\/wp-json\/wp\/v2\/portfolio\/968","targetHints":{"allow":["GET"]}}],"collection":[{"href":"https:\/\/slanedeti.sk\/cms\/wp-json\/wp\/v2\/portfolio"}],"about":[{"href":"https:\/\/slanedeti.sk\/cms\/wp-json\/wp\/v2\/types\/portfolio"}],"author":[{"embeddable":true,"href":"https:\/\/slanedeti.sk\/cms\/wp-json\/wp\/v2\/users\/5"}],"replies":[{"embeddable":true,"href":"https:\/\/slanedeti.sk\/cms\/wp-json\/wp\/v2\/comments?post=968"}],"wp:featuredmedia":[{"embeddable":true,"href":"https:\/\/slanedeti.sk\/cms\/wp-json\/wp\/v2\/media\/1564"}],"wp:attachment":[{"href":"https:\/\/slanedeti.sk\/cms\/wp-json\/wp\/v2\/media?parent=968"}],"wp:term":[{"taxonomy":"portfolio-type","embeddable":true,"href":"https:\/\/slanedeti.sk\/cms\/wp-json\/wp\/v2\/portfolio-type?post=968"}],"curies":[{"name":"wp","href":"https:\/\/api.w.org\/{rel}","templated":true}]}}